{"id":38,"date":"2021-02-04T21:25:20","date_gmt":"2021-02-04T20:25:20","guid":{"rendered":"https:\/\/www.colluvio.eu\/?page_id=38"},"modified":"2026-01-01T18:49:48","modified_gmt":"2026-01-01T17:49:48","slug":"team","status":"publish","type":"page","link":"https:\/\/www.colluvio.com\/de\/team\/","title":{"rendered":"Team"},"content":{"rendered":"<h3 style=\"text-align: center;\">Das <em>colluvio<\/em> Team<\/h3>\n<p>Das <em>colluvio<\/em> Team ist seit vielen Jahren aufeinander eingespielt. Es leitet die Meisterkurse und begleitet die jungen Musiker auf die Tournee.<\/p>\n<p><strong><img loading=\"lazy\" decoding=\"async\" class=\"alignnone size-large wp-image-4804\" src=\"https:\/\/www.colluvio.com\/wp-content\/uploads\/2026\/01\/20250804_135431-1024x662.jpg\" alt=\"\" width=\"1024\" height=\"662\" srcset=\"https:\/\/www.colluvio.com\/wp-content\/uploads\/2026\/01\/20250804_135431-1024x662.jpg 1024w, https:\/\/www.colluvio.com\/wp-content\/uploads\/2026\/01\/20250804_135431-300x194.jpg 300w, https:\/\/www.colluvio.com\/wp-content\/uploads\/2026\/01\/20250804_135431-768x497.jpg 768w, https:\/\/www.colluvio.com\/wp-content\/uploads\/2026\/01\/20250804_135431-400x260.jpg 400w, https:\/\/www.colluvio.com\/wp-content\/uploads\/2026\/01\/20250804_135431-700x453.jpg 700w, https:\/\/www.colluvio.com\/wp-content\/uploads\/2026\/01\/20250804_135431-1100x711.jpg 1100w, https:\/\/www.colluvio.com\/wp-content\/uploads\/2026\/01\/20250804_135431.jpg 1200w\" sizes=\"auto, (max-width: 1024px) 100vw, 1024px\" \/>Anna Ulaieva<\/strong>, Ukraine\/\u00d6sterreich, Klavier, Dozentin an der Universit\u00e4t f\u00fcr Musik und darstellende Kunst Graz<br \/>\n<strong>Olivera Mili\u0107-<\/strong><strong>Hirscher<\/strong>, Serbien, Violine, Professorin an der Spezialschule f\u00fcr Musiktalente in \u0106uprija (Serbien)<br \/>\n<strong>Meinhard Holler<\/strong>, \u00d6sterreich, Cello, private Celloklasse in M\u00fcnchen.<br \/>\nGr\u00fcnder der <em>colluvio<\/em> Chamber Music Academy<\/p>\n<p>Dieses Team hat \u00fcber die Jahre die traditionelle <strong>\u201ecolluvio Methode\u201c<\/strong> entwickelt.<\/p>\n<p>Gastkritik:<br \/>\n<strong>Claus-Christian Schuster<\/strong>, Klavier<br \/>\nGr\u00fcndungsmitglied des Wiener Schubert Trios und des Altenberg Trios Wien<\/p>\n<p><strong>Neu in unserem Team<\/strong> ist die ukrainische Pianistin <a href=\"https:\/\/www.ulaieva.com\/\" target=\"_blank\" rel=\"noopener\"><strong>Anna Ulaieva<\/strong><\/a>. Es ist eine Freude, da\u00df damit die <em>colluvio<\/em> Tradition weitergef\u00fchrt ist, denn Anna Ulaieva ist Meistersch\u00fclerin sowohl von Yuri Kot also auch von Milana Chernyavska. (Letztere war ebenso in unserem Team.)<br \/>\nWir freuen uns sehr, Anna in unserem Team begr\u00fc\u00dfen zu d\u00fcrfen!<\/p>\n<blockquote><p>\u201eWir arbeiten mit musikalischem Tiefgang, stellen uns absolut in den Dienst der Musik. Wir wollen die jungen Musiker in ihrer Liebe zur Musik best\u00e4rken. Durch eine Serie von internen Hauskonzerten und die folgende Konzerttournee trainieren sie ihre B\u00fchnenpr\u00e4senz.\u201c<\/p><\/blockquote>\n<h3>Anna Ulaieva &#8211; Klavier<\/h3>\n<div id=\"attachment_4509\" style=\"width: 308px\" class=\"wp-caption alignleft\"><img loading=\"lazy\" decoding=\"async\" aria-describedby=\"caption-attachment-4509\" class=\"wp-image-4509 size-medium\" src=\"https:\/\/www.colluvio.com\/wp-content\/uploads\/2025\/01\/Anna-Ulaieva-2025-B-\u00a9Arman-Karakhanyan-_Schnitt-298x300.jpg\" alt=\"\" width=\"298\" height=\"300\" srcset=\"https:\/\/www.colluvio.com\/wp-content\/uploads\/2025\/01\/Anna-Ulaieva-2025-B-\u00a9Arman-Karakhanyan-_Schnitt-298x300.jpg 298w, https:\/\/www.colluvio.com\/wp-content\/uploads\/2025\/01\/Anna-Ulaieva-2025-B-\u00a9Arman-Karakhanyan-_Schnitt-1017x1024.jpg 1017w, https:\/\/www.colluvio.com\/wp-content\/uploads\/2025\/01\/Anna-Ulaieva-2025-B-\u00a9Arman-Karakhanyan-_Schnitt-150x150.jpg 150w, https:\/\/www.colluvio.com\/wp-content\/uploads\/2025\/01\/Anna-Ulaieva-2025-B-\u00a9Arman-Karakhanyan-_Schnitt-768x773.jpg 768w, https:\/\/www.colluvio.com\/wp-content\/uploads\/2025\/01\/Anna-Ulaieva-2025-B-\u00a9Arman-Karakhanyan-_Schnitt-700x705.jpg 700w, https:\/\/www.colluvio.com\/wp-content\/uploads\/2025\/01\/Anna-Ulaieva-2025-B-\u00a9Arman-Karakhanyan-_Schnitt-1100x1107.jpg 1100w, https:\/\/www.colluvio.com\/wp-content\/uploads\/2025\/01\/Anna-Ulaieva-2025-B-\u00a9Arman-Karakhanyan-_Schnitt.jpg 1200w\" sizes=\"auto, (max-width: 298px) 100vw, 298px\" \/><p id=\"caption-attachment-4509\" class=\"wp-caption-text\">\u00a9Arman Karakhanyan<\/p><\/div>\n<p>Die ukrainisch-\u00f6sterreichische Pianistin <a href=\"https:\/\/www.ulaieva.com\/\" target=\"_blank\" rel=\"noopener\"><strong>Anna Ulaieva<\/strong><\/a> erhielt bereits im Alter von 5 Jahren Instrumentalunterricht f\u00fcr Geige und Klavier. Mit beiden Instrumenten errang sie Wettbewerbspreise f\u00fcr hochbegabte Kinder.<\/p>\n<p>Im Alter von 11 Jahren entschied sich Anna f\u00fcr das Klavier als Hauptinstrument und erhielt Klavierunterricht bei Prof. Nina Naiditsch auf dem auf Musik spezialisierten Gymnasium f\u00fcr begabte Kinder \u201eM.V. Lysenko\u201c in Kiew (Ukraine). Anschlie\u00dfend studierte sie Klavier an der \u201eTchaikovsky National Academy of Music\u201c in Kiew bei Yuri Kot und absolvierte mit Auszeichnung. Als Laureat des Programms \u201eNew Names of Ukraine\u201c wurde ihr Ausnahmetalent durch ein Stipendium, verliehen durch den Pr\u00e4sidenten der Ukraine, gew\u00fcrdigt.<br \/>\nAb 2009 vervollkommnete sie ihr Klavierstudium an der Kunstuniversit\u00e4t Graz (\u00d6sterreich) bei Prof. Milana Chernyavska und absolvierte 2017 ebenfalls mit ausgezeichnetem Erfolg.<\/p>\n<p>Anna Ulaieva ist Preistr\u00e4gerin zahlreicher renommierter internationaler Wettbewerbe. Ihr bislang gr\u00f6\u00dfter Erfolg ist der 1. Preis beim \u201eMalta International Piano Competition 2018\u201c. Bei der gr\u00f6\u00dften Wettbewerbsserie der Welt traten \u00fcber 720 Pianisten aus mehr als 70 Nationen an. Ein weiterer Meilenstein in ihrer bemerkenswerten Karriere war der 1. Preis und Gewinn eines Bl\u00fcthner Grand Pianos beim Bl\u00fcthner Golden Tone Award 2013. Weitere Wettbewerbserfolge sind A. Scriabin Piano Competition Grosseto (2. Preis, 2018), German Piano Open Berlin (1. Preis, 2017), Brahms Klavierwettbewerb Detmold (1. Preis, 2017), Isidor Bajic Piano Memorial Competition (2. Preis, 2016), Josef Dichler \u2013 Klavierwettbewerb (1. Preis 2011), Jeune Talents (1. Preis 2011) sowie Martha Debelli-Wettbewerb in den Kategorien Klavier-Solo und Kammermusik-Klavierquartett in Graz (1. Preis 2009, 2011, 2013).<br \/>\nNun ist sie selbst gefragtes Jury-Mitglied bei zahlreichen internationalen Musikwettbewerben, zuletzt in Serbien und in der Ukraine.<\/p>\n<p>Als Solistin deb\u00fctierte Anna Ulaieva bereits im Jahre 2001 in Kiew mit dem Philharmonischen Orchester der Ukraine. Seitdem konzertiert die Pianistin mit Solo-Rezitals und Kammer- sowie Orchesterkonzerten weltweit und ist auch h\u00e4ufig Gast bei verschiedenen Festivals. Regelm\u00e4\u00dfig tritt sie mit namhaften Orchestern und Dirigenten auf, wie z. B. dem Kammerorchester des Bayerischen Rundfunks, Kiev Virtuosi Orchestra, Nationalen Symphonie Orchester der Ukraine, Oxford Philharmonic Orchestra, Dmitry Jablonski, Marios Papadopoulos, Christian Jarvi u.a. Ihre Live-CD Einspielung von Tschaikowskis Jahreszeiten sowie von Prokofievs Sonaten unterstreicht ihre k\u00fcnstlerischen und pianistischen F\u00e4higkeiten.<\/p>\n<p>Als Dozentin ist Anna Ulaieva an der Universit\u00e4t f\u00fcr Musik und darstellende Kunst Graz t\u00e4tig, wo sie die Hochbegabten- und Young Academy Styria Klasse Klavier leitet. Zudem wirkt sie als P\u00e4dagogin bei Meisterkursen und h\u00e4lt didaktische Vortr\u00e4ge in \u00d6sterreich, Portugal, Tschechien, Frankreich, China und in der Ukraine.<\/p>\n<p>Ein besonderes Anliegen von Anna ist die F\u00f6rderung von hochbegabten Kindern und Jugendlichen. Um diesem Anliegen nachzukommen, gr\u00fcndete sie den Meisterkurs <a href=\"http:\/\/www.giftedinmusic.at\" target=\"_blank\" rel=\"noopener\">&#8222;Gifted in Music\u201c<\/a> in Kapfenberg, \u00d6sterreich und steht diesem auch als k\u00fcnstlerische Leiterin vor.<\/p>\n<h3>Olivera Mili\u0107-Hirscher \u2013 Violine<\/h3>\n<p><img loading=\"lazy\" decoding=\"async\" class=\"vc_single_image-img alignleft\" title=\"Olja2 - 1200\" src=\"https:\/\/www.colluvio.com\/wp-content\/uploads\/2021\/02\/Olja2-1200-250x250.jpg\" alt=\"Olja2 - 1200\" width=\"250\" height=\"250\" \/><\/p>\n<p>Olivera Mili\u0107-Hirscher wurde in Cetinje, Montenegro geboren.<br \/>\nIhre musikalische Ausbildung begann an der \u201eSchule f\u00fcr musikalische Talente in \u0106uprija, Serbien\u201c. Danach studierte sie an der Musikhochschule Belgrad in der Klasse von Prof. Vladimir Markovi\u0107. Nach dem Diplom 1984 widmete sie sich bis 1990 p\u00e4dagogischer Arbeit an der Ausbildungsst\u00e4tte, die sie gepr\u00e4gt hat, der \u201eSchule f\u00fcr musikalische Talente in \u0106uprija\u201c. 1990 setzte sie dann ihre Studien am Richard-Strauss- Konservatorium in M\u00fcnchen in der Klasse von Prof. Jakob Gilman fort.<\/p>\n<p>In dieser Zeit war sie im Kammerorchester \u201eArpeggione\u201c engagiert, dessen Chefdirigent und h\u00e4ufiger Solist Aleksandar Rudin war. Als Mitglied des Orchesters trat sie mit vielen ber\u00fchmten Solisten auf wie Dmitrij Sitkovecky, Nana Ja\u0161vili, Konstantin Lif\u0161ic, Andr\u00e1s Adorj\u00e1n, ebenso mit renommierten Dirigenten wie Uro\u0161 Lajovic und Saulius Sondeckis. Die Tourneen f\u00fchrten sie in die ber\u00fchmtesten Konzerts\u00e4le ganz Europas.<br \/>\nSeit 2004 arbeitet sie als Prof. f\u00fcr Violine in der Musikschule \u201ePetar Kran\u010devi\u0107\u201c in Sremska Mitrovica, Serbien. Wegen ihrer landesweiten Reputation als erfolgreiche P\u00e4dagogin wurde sie 2018 an die Spezialschule f\u00fcr Musiktalente in \u0106uprija, Serbien berufen.<\/p>\n<h3>Meinhard Holler \u2013 Violoncello<\/h3>\n<p><img loading=\"lazy\" decoding=\"async\" class=\"vc_single_image-img alignleft\" title=\"Meinhard Holler Schnitt 1200 Pixel\" src=\"https:\/\/www.colluvio.com\/wp-content\/uploads\/2021\/02\/Meinhard-Holler-Schnitt-1200-Pixel-250x250.jpg\" alt=\"Meinhard Holler Schnitt 1200 Pixel\" width=\"250\" height=\"250\" \/><\/p>\n<p>aus Graz, \u00d6sterreich geb\u00fcrtig. Musikunterricht ab vier Jahren. Preistr\u00e4ger diverser Jugendwettbewerbe in jungen Jahren.<br \/>\nStudium an der Musikhochschule in Graz und am Richard-Strauss-Konservatorium in M\u00fcnchen bei den Professoren Jannis Chronopoulos und Jan Pol\u00e1\u0161ek. Danach Studium an der Musikhochschule in Saarbr\u00fccken bei Prof. David Grigorian, einem langj\u00e4hrigen Meistersch\u00fcler und Assistenten von Mstislaw Rostropowitsch.<\/p>\n<p>Wiederholt Kammermusik- und Orchesterkurse bei Heinrich Schiff. Meisterkurse u. a. bei Phillippe Muller, Marjory Cornelius, Paul Tortelier, David Grigorian, Eduard Brunner, Altenberg Trio Wien, Sergiu Celibidache.<br \/>\nMusikf\u00f6rderpreis des \u201eKulturkreis Gasteig\u201c M\u00fcnchen.<\/p>\n<p>Laufend Konzertverpflichtungen in \u201eCello Mellow\u201c, \u201eJuon Trio\u201c (mit Slava Cernavca, Klarinette und Zoriana Tkachyk, Klavier) und als Duopartner der Pianisten Yuri Kot, Olga Salogina, Neritan Hysa sowie der Cembalistin und Pianistin Caroline Bergius. Konzerte und Tourneen f\u00fchrten ihn mit diesen Musikern durch Frankreich, Gro\u00dfbritannien, Deutschland, \u00d6sterreich, Ukraine, Serbien, Kroatien, Slowenien\u2026<\/p>\n<p>Lehrt\u00e4tigkeit und Nachwuchsf\u00f6rderung in M\u00fcnchen mit regelm\u00e4\u00dfigen Wettbewerbserfolgen seiner Sch\u00fcler. Intensiver p\u00e4dagogischer Austausch mit den Cellisten Prof. Bo\u017ea Saramandi\u0107 (Serbien), Prof. Ivan Ku\u010der (Musikhochschule Kiev\/ Ukraine) und besonders mit Prof. David Grigorian. Verfasser von umfangreicher p\u00e4dagogischer Literatur f\u00fcr sein Instrument.<br \/>\nJuror bei Wettbewerben und Leiter von Meisterkursen in \u00d6sterreich, Deutschland, Serbien\u2026Seit 2001 Leiter von colluvio Chamber Music Academy, Kammermusikkurse f\u00fcr Musikstudenten mit anschlie\u00dfender internationaler Konzerttournee.<\/p>\n<h3>Claus-Christian Schuster \u2013 Klavier<\/h3>\n<p><img loading=\"lazy\" decoding=\"async\" class=\"vc_single_image-img alignleft\" title=\"CC_7\" src=\"https:\/\/www.colluvio.com\/wp-content\/uploads\/2021\/11\/CC_7-1-250x250.jpg\" alt=\"CC_7\" width=\"250\" height=\"250\" \/><\/p>\n<p>Ausf\u00fchrliche Biographie mit Konzertchronik, Diskographie und Texten auf <a href=\"http:\/\/www.ccschuster.at\/\" target=\"_blank\" rel=\"noopener\">http:\/\/www.ccschuster.at\/<\/a><\/p>\n<p>Der Pianist Claus-Christian Schuster wurde 1952 in Wien geboren.<br \/>\nNach anf\u00e4nglichem Unterricht bei seinem Vater studierte er bei Wilhelm H\u00fcbner-Langenbruck, an der Wiener Musikhochschule und der Indiana University in Bloomington bei Hans Graf, dann bei Dieter Weber in Wien und zuletzt am Moskauer \u010cajkovskij-Konservatorium bei Vera Gornostaeva.<\/p>\n<p>Von pr\u00e4gender Bedeutung war f\u00fcr ihn die Begegnung mit Wilhelm Kempff in Positano. Er ist Preistr\u00e4ger etlicher internationaler Klavier- und Kammermusikwettbewerbe und gr\u00fcndete 1984 das Wiener Schubert Trio, dem 1994 das Altenberg Trio Wien nachfolgte. Mit diesen Ensembles wurde er regelm\u00e4\u00dfiger Gast in vielen Musikzentren und\u00a0 Kammermusikfestivals und gestaltete von 1988 bis zu seinem R\u00fcckzug ins Privatleben 2012 einen eigenen Zyklus im Brahmssaal des Wiener Musikvereins.<\/p>\n<p>&nbsp;<\/p>\n<div id=\"attachment_2577\" style=\"width: 1034px\" class=\"wp-caption alignnone\"><img loading=\"lazy\" decoding=\"async\" aria-describedby=\"caption-attachment-2577\" class=\"size-large wp-image-2577\" src=\"https:\/\/www.colluvio.com\/wp-content\/uploads\/2021\/11\/IMG_5152-1024x683.jpg\" alt=\"\" width=\"1024\" height=\"683\" srcset=\"https:\/\/www.colluvio.com\/wp-content\/uploads\/2021\/11\/IMG_5152-1024x683.jpg 1024w, https:\/\/www.colluvio.com\/wp-content\/uploads\/2021\/11\/IMG_5152-300x200.jpg 300w, https:\/\/www.colluvio.com\/wp-content\/uploads\/2021\/11\/IMG_5152-768x512.jpg 768w, https:\/\/www.colluvio.com\/wp-content\/uploads\/2021\/11\/IMG_5152-700x467.jpg 700w, https:\/\/www.colluvio.com\/wp-content\/uploads\/2021\/11\/IMG_5152-1100x733.jpg 1100w, https:\/\/www.colluvio.com\/wp-content\/uploads\/2021\/11\/IMG_5152.jpg 1200w\" sizes=\"auto, (max-width: 1024px) 100vw, 1024px\" \/><p id=\"caption-attachment-2577\" class=\"wp-caption-text\">Yuri Kot, Klavier<\/p><\/div>\n<p><em><strong>Ganz besonders hat der ukrainische Pianist Yuri Kot colluvio durchgehend seit 2007 gepr\u00e4gt!<\/strong><\/em><\/p>\n<h3>Yuri Kot \u2013 Klavier<\/h3>\n<p><a href=\"https:\/\/www.colluvio.com\/wp-content\/uploads\/2021\/02\/Biography-of-Yuri-Kot-2020.pdf\" target=\"_blank\" rel=\"noopener\">CV of Yuri Kot, English, long version<\/a><\/p>\n<p>Studium und Postdiplom in der Meisterklasse von Prof. V. Kozlov an der Nationalen Musikakademie Kiev \u201eP. I. \u010cajkovskij\u201c.<\/p>\n<p>1988 Laureat des nationalen Lyssenko-Klavierwettbewerbs in Kiev, 1992 2. Preis beim internationalen Prokofjev-Klavierwettbewerb in St. Petersburg, 1993 2. Preis beim internationalen Wettbewerb f\u00fcr Kammermusik \u201eGoldener Herbst\u201c in Khmelnitsky in der Kategorie Klavierduo mit der Pianistin Irina Alexeychouk, 1996 2. Preis (der 1. Preis wurde nicht vergeben) beim 45. Internationalen ARD-Wettbewerb in M\u00fcnchen in der Kategorie Klavierduo mit der Pianistin Irina Alexeychouk, 1997 3. Preis beim 6. Internationalen \u201eMurray Dranoff Wettbewerb\u201c f\u00fcr Klavierduo in Miami.<\/p>\n<p>Zahlreiche Autritte als Solist mit ber\u00fchmten Orchestern aus der Ukraine, aus Ru\u00dfland, aus Deutschland, Japan, Italien, Spanien, Portugal, Frankreich und den USA.<\/p>\n<p>Seit 1994 ist er Professor f\u00fcr Klavier an der Nationalen Musikakademie von Kiev \u201eP. I. \u010cajkovskij\u201c. 1995 wurde er mit dem Titel \u201cThe Honoured Artist of Ukraine\u201d ausgezeichnet.<\/p>\n<p>Er nahm an internationalen Musikfestivals teil, darunter: \u201eMusiksommer-97\u201c (Dresden \u2013 Deutschland), \u201cTwo Pianos Plus\u201d (Miami, USA), \u201cModern Music Festival\u201d (Bansk\u00e1 Bystrica, Slowakei), \u201cKiev Music Fest\u201d, \u201cMusic Premieres of the Season\u201d Kiev, \u201cRegina and Vladimir Horowitz \u2013 in memoriam\u201d Kiev, \u201cFarbotony\u201d (Kanev, Ukraine), \u201cFestival zeitgen\u00f6ssischer Krakauer Komponisten\u201d (Krakau, Polen), \u201eRichter-Fest\u201c (Odessa, Ukraine), Klaviermusik-Festival \u201cUna tastiera per due mondi\u201d (Carrara, Italien).<\/p>\n<p>Juror in zahlreichen Wettbewerben in der Ukraine, in Ru\u00dfland, Serbien, Slowenien, Makedonien\u2026 Er h\u00e4lt Meisterklassen in der Ukraine (V. Horowitz master class, Kiev), Serbien (Kragujevac, Belgrad, \u0160abac), Japan (Tokio, Kyoto, Hiroshima), Makedonien (Ohrid), Slowenien (Ljubljana), \u00d6sterreich ( Graz, Gut Hornegg \u2013 colluvio Chamber Music Academy\u201c).<\/p>\n<p>Laufend weltweit Konzertverpflichtungen als Solist und als Kammermusiker (Klavierduo, Klaviertrio und andere Besetzungen).<\/p>\n<hr \/>\n<p><em>Wir hatten dar\u00fcber hinaus das Gl\u00fcck, da\u00df<\/em><br \/>\n<em>Milana Chernyavska, Klavier, Ukraine, Professorin an der Kunstuniversit\u00e4t Graz und an der &#8222;Reina Sof\u00eda Schule f\u00fcr Musik&#8220;, Madrid<\/em><br \/>\n<em>und<\/em><br \/>\n<em>Nata\u0161a \u0160ar\u010devi\u0107, Klavier, Serbien, Professorin am \u201eLondon College of Music\u201c und an der Spezialschule f\u00fcr Musiktalente in \u0106uprija (Serbien)<\/em><br \/>\n<em>Yuri Kot bei colluvio vertreten haben. Wir sind beiden sehr dankbar f\u00fcr ihre tolle Arbeit und ihre Impulse, die sie colluvio gegeben haben!<\/em><\/p>\n<h3>Milana Chernyavska \u2013 Klavier<strong><br \/>\n<\/strong><\/h3>\n<p><img loading=\"lazy\" decoding=\"async\" class=\"alignleft wp-image-260 size-medium\" src=\"https:\/\/www.colluvio.com\/wp-content\/uploads\/2021\/02\/Milana_Chernyavska-4-1200-Pixel-300x200.jpg\" alt=\"\" width=\"300\" height=\"200\" srcset=\"https:\/\/www.colluvio.com\/wp-content\/uploads\/2021\/02\/Milana_Chernyavska-4-1200-Pixel-300x200.jpg 300w, https:\/\/www.colluvio.com\/wp-content\/uploads\/2021\/02\/Milana_Chernyavska-4-1200-Pixel-1024x683.jpg 1024w, https:\/\/www.colluvio.com\/wp-content\/uploads\/2021\/02\/Milana_Chernyavska-4-1200-Pixel-768x512.jpg 768w, https:\/\/www.colluvio.com\/wp-content\/uploads\/2021\/02\/Milana_Chernyavska-4-1200-Pixel-700x467.jpg 700w, https:\/\/www.colluvio.com\/wp-content\/uploads\/2021\/02\/Milana_Chernyavska-4-1200-Pixel-1100x733.jpg 1100w, https:\/\/www.colluvio.com\/wp-content\/uploads\/2021\/02\/Milana_Chernyavska-4-1200-Pixel.jpg 1200w\" sizes=\"auto, (max-width: 300px) 100vw, 300px\" \/>Univ. Prof. Dr. Milana Chernyavska wurde in Kiew, Ukraine geboren.<br \/>\nMit f\u00fcnf Jahren erhielt sie ihren ersten Klavierunterricht von ihrer Mutter. Zwei Jahre sp\u00e4ter wurde sie in die renommierte Musikschule f\u00fcr begabte Kinder des Tschaikowsky Konservatoriums bei I. Lipatowa in ihrer Heimatstadt aufgenommen. Im Alter von sieben Jahren spielte sie ihr erstes Konzert im Gro\u00dfen Saal der Philharmonie Kiew. Bereits mit 12 Jahren gewann sie den dritten Preis beim Internationalen Kammermusikwettbewerb \u201eConcertino Praha\u201c. 1990 beendete sie ihr Klavierstudium am Staatlichen Tschaikowsky Konservatorium bei Prof. W. Sagaidachny mit Auszeichnung. Es folgten Meisterkurse bei den Professoren \u00a0D. Bashkirov, W. Krainev, S. Perticarolli, B. Bloch, D. de Rosa, A. Lonquich, und A. Satz. Von 1995 bis 1998 absolvierte sie ein Meisterklassenstudium bei Prof. M. H\u00f6henrieder und Prof. G. Oppitz an der Hochschule f\u00fcr Musik in M\u00fcnchen.<\/p>\n<p>Ihre k\u00fcnstlerischen Leistungen wurden inzwischen durch zahlreiche Preise bei internationalen und nationalen Wettbewerben anerkannt: 1. Preis Nationaler \u201eLisenko\u201c Klavierwettbewerb (1988, Kiew), 1. Preis Internationaler Klavierwettbewerb \u201ePierre Lantier\u201c (1994, Paris), 3. Preis Internationaler Kammermusikwettbewerb \u201eVittorio Gui\u201c, die Goldmedaille beim Internationalen \u201eWladimir und Regina Horowitz\u201c Klavierwettbewerb (1994, Kiew) u.a. \u00a0Seit 1988 spielt \u00a0Milana Chernyavska als Solistin mit verschiedenen Orchestern, u.a. mit dem M\u00fcnchener Kammerorchester, dem Nationalen Symphonie Orchester der Ukraine, dem Orchester des Ukrainischen Rundfunks, machte Aufnahmen beim Bayerischen und Hessischen Rundfunk, dem MDR, NDR, Deutschlandfunk so wie bei BBC, VRS, Radio France und dem Staatlichen Rundfunk der Ukraine.<\/p>\n<p>Kammermusik spielte sie ein f\u00fcr die CD-Labels EMI, Naxos und Ars Musici. Sie konzertiert in fast allen L\u00e4ndern Europas, in Kanada, den USA, Japan. Sie wurde zu zahlreichen Festivals eingeladen, z. B. Luzern, Schwetzinger Festspiele, Rheingau-Festival, Schleswig-Holstein-Festival. Sie spielte in den ber\u00fchmtesten Konzerts\u00e4len der Welt wie Wigmorehall London, Concertgebow Amsterdam, Santoryhall Tokio, Herkulessaal M\u00fcnchen, Moskau Konservatorium, Sankt-Petersburg Philharmonie. \u00a0Zu ihren Kammermusikpartner z\u00e4hlen K\u00fcnstler wie Julia Fischer, Elisabeth Batiashvili, Adrian Brendel, Vogler-Quartett, Daniel M\u00fcller-Schott, Monica Leskovar, Nikolas Koeckert, Christoph Seybold, Rudens Turku, Daniel R\u00f6hn, Susanna Henkel.<\/p>\n<p>Neben Ihrer Konzertt\u00e4tigkeit unterrichtet Sie an der Hochschule f\u00fcr Musik und Theater in M\u00fcnchen, ist Professorin am Konservatorium Feldkirch (\u00d6sterreich) und an der Kunstuniversit\u00e4t in Graz (\u00d6sterreich). 1994 erhielt Milana Chernyavska vom Pr\u00e4sidenten der Ukraine den Titel \u201eVerdiente K\u00fcnstlerin der Ukraine\u201c.<\/p>\n<h3>Nata\u0161a \u0160ar\u010devi\u0107 \u2013 Klavier<\/h3>\n<p><img loading=\"lazy\" decoding=\"async\" class=\"alignleft wp-image-4039\" src=\"https:\/\/www.colluvio.com\/wp-content\/uploads\/2024\/05\/Natasa-Sarcevic-2-Schnitt.jpg\" alt=\"\" width=\"298\" height=\"252\" srcset=\"https:\/\/www.colluvio.com\/wp-content\/uploads\/2024\/05\/Natasa-Sarcevic-2-Schnitt.jpg 668w, https:\/\/www.colluvio.com\/wp-content\/uploads\/2024\/05\/Natasa-Sarcevic-2-Schnitt-300x254.jpg 300w\" sizes=\"auto, (max-width: 298px) 100vw, 298px\" \/><\/p>\n<p>Die Pianistin Nata\u0161a \u0160ar\u010devi\u0107 absolvierte die Musikfachschule \u201eStevan Mokranjac\u201c in Belgrad in der Klasse von Prof. Olga Jovanovi\u0107, Absolventin der FMU in Belgrad in der Klasse von Prof. Jokut Mihailovi\u0107 und absolvierte ein Aufbaustudium in Frankfurt und London (RCM und LCM) bei Lev Natochenny, Irina Zaritskaya und Alexandra Andrievsky.<\/p>\n<p>Sie gewann zahlreiche Auszeichnungen bei nationalen und internationalen Wettbewerben \u201eCitt\u00e0 di Stresa\u201c, \u201eCarlo Soliva\u201c in Italien, \u201ePetar Konjovi\u0107\u201c in Belgrad, \u201eLCM Beethoven Competition\u201c und \u201eVictor Hoddy Prize\u201c in London. W\u00e4hrend ihres Studiums an der FMU wurde ihr au\u00dferdem der \u201eOlga Mihailovi\u0107\u201c-Preis f\u00fcr die talentierteste Studentin der Klavierabteilung ihrer Generation verliehen.<\/p>\n<p>Als Solistin trat sie auf internationalen Festivals in Italien, \u00d6sterreich, Deutschland, Spanien, Portugal, Holland, Slowenien, Kroatien, Bulgarien, Russland, Lettland, Gro\u00dfbritannien, Singapur und Brasilien auf.<\/p>\n<p>Als Solistin trat sie mit dem Orchester der Belgrader Philharmonie (Liszt, Tschaikowsky) und dem RTS Symphony Orchester (Chopin) sowie mit dem Ensemble der Mitglieder des English Chamber Orchestra (Saint-Sa\u00ebns) und dem Orchester des Festivals \u201eLuci della Ribalta\u201c (Ravel).<\/p>\n<p>Sie spielt regelm\u00e4\u00dfig Kammermusik Konnzerten mit K\u00fcnstlern wie Yuri Zhislin, Romain Garioud, Natalia Lomeiko, Giorgio Mandolesi, Aron Chiesa, Calogero Palermo, Joseph Spooner, David Eggert und mit Mitgliedern des Bl\u00e4serquintetts der Belgrader Philharmonie&#8230;<\/p>\n<p>In London gr\u00fcndete sie 2017 eine internationale Konzertreihe zur F\u00f6rderung zeitgen\u00f6ssischer klassischer Musik serbischer Komponisten und verbundener Kulturen unter dem Namen \u201eEin Abend armenischer, serbischer und bulgarischer klassischer Musik\u201c. Bisher fanden 12 Konzerte statt, unter anderem in London, Serbien, Spanien, Italien und Singapur.<\/p>\n<p>Am \u201eLondon College of Music\u201c der University of West London unterrichtet sie Klavier als Hauptfach sowie Kammermusikstudien und Klavierbegleitung und ist an derselben Fakult\u00e4t seitdem als offizielle Mitarbeiterin am Lehrstuhl f\u00fcr Streichinstrumente t\u00e4tig seit 2004. Seit 2012 ist sie Dozentin des Meisterkurses \u201eMozart International Masterclasses\u201c in Italien, der unter der Schirmherrschaft des Vereins \u201eMozarteum\u201c in Salzburg gegr\u00fcndet wurde. Von 1994 bis 1998 lehrte sie an der FMU der Universit\u00e4t der K\u00fcnste in Belgrad als Assistenzprofessorin in der Klasse von Prof. Jokut Mihailovi\u0107.<\/p>\n<p>Sie gibt regelm\u00e4\u00dfig Meisterkurse f\u00fcr Klavier in Gro\u00dfbritannien, Singapur, Italien, Slowenien und Lettland. Ihre Sch\u00fcler sind Preistr\u00e4ger internationaler Klavierwettbewerbe in Gro\u00dfbritannien, Italien und Japan.<\/p>\n","protected":false},"excerpt":{"rendered":"<p>Das colluvio Team Das colluvio Team ist seit vielen Jahren aufeinander eingespielt. Es leitet die Meisterkurse und begleitet die jungen Musiker auf die Tournee. Anna Ulaieva, Ukraine\/\u00d6sterreich, Klavier, Dozentin an der Universit\u00e4t f\u00fcr Musik und darstellende Kunst Graz Olivera Mili\u0107-Hirscher, Serbien, Violine, Professorin an der&#8230;<\/p>\n","protected":false},"author":1,"featured_media":0,"parent":0,"menu_order":0,"comment_status":"closed","ping_status":"closed","template":"","meta":{"footnotes":""},"class_list":["post-38","page","type-page","status-publish","hentry"],"acf":[],"_links":{"self":[{"href":"https:\/\/www.colluvio.com\/de\/wp-json\/wp\/v2\/pages\/38","targetHints":{"allow":["GET"]}}],"collection":[{"href":"https:\/\/www.colluvio.com\/de\/wp-json\/wp\/v2\/pages"}],"about":[{"href":"https:\/\/www.colluvio.com\/de\/wp-json\/wp\/v2\/types\/page"}],"author":[{"embeddable":true,"href":"https:\/\/www.colluvio.com\/de\/wp-json\/wp\/v2\/users\/1"}],"replies":[{"embeddable":true,"href":"https:\/\/www.colluvio.com\/de\/wp-json\/wp\/v2\/comments?post=38"}],"version-history":[{"count":101,"href":"https:\/\/www.colluvio.com\/de\/wp-json\/wp\/v2\/pages\/38\/revisions"}],"predecessor-version":[{"id":4827,"href":"https:\/\/www.colluvio.com\/de\/wp-json\/wp\/v2\/pages\/38\/revisions\/4827"}],"wp:attachment":[{"href":"https:\/\/www.colluvio.com\/de\/wp-json\/wp\/v2\/media?parent=38"}],"curies":[{"name":"wp","href":"https:\/\/api.w.org\/{rel}","templated":true}]}}