{"id":32,"date":"2021-02-04T21:24:28","date_gmt":"2021-02-04T20:24:28","guid":{"rendered":"https:\/\/www.colluvio.eu\/?page_id=32"},"modified":"2025-12-07T21:09:21","modified_gmt":"2025-12-07T20:09:21","slug":"miteinander-in-europa","status":"publish","type":"page","link":"https:\/\/www.colluvio.com\/de\/miteinander-in-europa\/","title":{"rendered":"Miteinander in Europa"},"content":{"rendered":"<h3><em>colluvio<\/em> Geschichte, Mission und Perspektive<\/h3>\n<p>Parallel zu seinem hohen musikalischen Anspruch und im Einklang mit diesem, ist <em>colluvio<\/em> ein Projekt f\u00fcr V\u00f6lkerverst\u00e4ndigung, das zum <strong>Miteinander in Europa<\/strong> einl\u00e4dt.<\/p>\n<p>Das \u00f6sterreichische Projekt <em>colluvio<\/em> versteht sich als musikalischer Botschafter, der die gemeinsamen Werte Europas lebt. Es zeigt auf der B\u00fchne, wie ein Miteinander der Nationen nicht nur reibungslos funktioniert, sondern h\u00f6chst inspirierend, motivierend und produktiv sein kann.<\/p>\n<p>So ist <em>colluvio<\/em> von \u00f6ffentlichem Interesse und wird von der Steierm\u00e4rkischen Landesregierung, vom \u00d6sterreichischen Au\u00dfenministerium und von den \u00d6sterreichischen Kulturforen im Ausland gef\u00f6rdert. Es gibt Kooperationen mit den \u00d6sterreichischen Kulturforen in Belgrad, Zagreb, Sarajevo, Ljubljana, Budapest, Bratislava, Prag, Warschau, Kiev.<\/p>\n<div style=\"width: 1210px\" class=\"wp-caption alignnone\"><img loading=\"lazy\" decoding=\"async\" class=\"vc_single_image-img attachment-full\" src=\"https:\/\/www.colluvio.com\/wp-content\/uploads\/2021\/02\/colluvio_gut_hornegg_steiermark-preding.jpg\" sizes=\"auto, (max-width: 1200px) 100vw, 1200px\" alt=\"\" width=\"1200\" height=\"731\" \/><p class=\"wp-caption-text\">Schloss Hornegg, Steiermark, \u00d6sterreich<\/p><\/div>\n<h3>Die Gr\u00fcndungsgeschichte<\/h3>\n<p>Im <em>colluvio<\/em> <strong>Gr\u00fcndungsjahr 2001<\/strong> lud Meinhard Holler, auf <a href=\"https:\/\/www.gut-hornegg.at\" target=\"_blank\" rel=\"noopener\">Gut Hornegg<\/a>, \u00d6sterreich aufgewachsen erstmals junge Musiker zu sich ein. Nach Hornegg kamen die ersten Teilnehmer des neuen Kammermusikkurses <em>\u201ecolluvio\u201c<\/em>, das noch nicht so hie\u00df, aber schon so war wie heute, eben ein musikalisches V\u00f6lkergemisch:<br \/>\nJunge Menschen aus \u00d6sterreich und Deutschland einerseits, und aus Serbien andererseits machten zusammen Kammermusik.<\/p>\n<blockquote><p>\u201eDie Kriege in Jugoslawien waren erst vor\u00fcber, die diplomatischen Beziehungen zwischen den L\u00e4ndern waren noch holprig bis frostig.\u201c<\/p><\/blockquote>\n<p>Es gab damals nur zwei Konzerte in \u00d6sterreich, und so beschlich alle Teilnehmer das Gef\u00fchl, etwas w\u00fcrde fehlen.<\/p>\n<p>So wurde gleich die damals recht exotische Idee geboren, im Jahr darauf auch in Serbien und Deutschland zu konzertieren. Die serbischen Teilnehmer wollten ihre deutschsprachigen Kollegen n\u00e4chstes Mal nach Belgrad einladen und mit ihnen auch in Serbien Konzerte spielen. Die Kriege in Jugoslawien waren erst vor\u00fcber, die diplomatischen Beziehungen zwischen den L\u00e4ndern waren noch holprig bis frostig.<\/p>\n<p>Die jungen Musiker forderte gerade dieser Umstand heraus, ein Miteinander zu wagen und sie beschlossen, \u00fcber die L\u00e4ndergrenzen hinweg Musik zu machen. Ihren Wunsch realisierten sie schon im Folgejahr <strong>2002<\/strong> und so entstand <a href=\"https:\/\/www.colluvio.com\/wp-content\/uploads\/2021\/02\/colluvio-Chamber-Music-Academy-TOURNEE_KONZERTE-2002.pdf\" target=\"_blank\" rel=\"noopener\"><strong>die erste <em>colluvio<\/em> Tournee<\/strong><\/a>, mit bereits sieben Konzerten in \u00d6sterreich, Deutschland und Serbien.<\/p>\n<div style=\"width: 894px\" class=\"wp-caption alignnone\"><img loading=\"lazy\" decoding=\"async\" class=\"vc_single_image-img attachment-large\" src=\"https:\/\/www.colluvio.com\/wp-content\/uploads\/2021\/06\/KMK-2002-Sremska-Mitrovica-2.jpg\" alt=\"\" width=\"884\" height=\"631\" \/><p class=\"wp-caption-text\">2002. Vor dem Konzertsaal. Sremska Mitrovica, Serbien<\/p><\/div>\n<p>Die Tournee f\u00fchrte ja auf dem Weg nach Serbien durch die Nachbarl\u00e4nder Kroatien, Bosnien-Herzegowina und Slowenien, so wollte man auch sie einbeziehen. Mit der Zeit wurde im ganzen ehemaligen Jugoslawien konzertiert, die besten Nachwuchsmusiker aus all diesen L\u00e4ndern nahmen teil und so wurde <em>colluvio<\/em> zu einem <strong>v\u00f6lkerverbindenden Musikprojekt in einer Krisenregion<\/strong>.<\/p>\n<p><strong>Musik verbindet Menschen<\/strong><\/p>\n<div style=\"width: 1034px\" class=\"wp-caption alignnone\"><img loading=\"lazy\" decoding=\"async\" class=\"vc_single_image-img attachment-large\" src=\"https:\/\/www.colluvio.com\/wp-content\/uploads\/2021\/03\/Musik-verbindet-Menschen-1024x294.jpg\" alt=\"\" width=\"1024\" height=\"294\" \/><p class=\"wp-caption-text\">colluvio 2003, Tourneekonzert M\u00fcnchen<\/p><\/div>\n<h3>Der ORF-Dokumentarfilm \u00fcber <em>colluvio<\/em><\/h3>\n<p>2010 gipfelte diese Entwicklung in einem Sonderprojekt Kosovo, das auf Anregung des Dokumentarfilmers Walter Wehmeyer umgesetzt und von ihm und seinem Kamerateam fast einen ganzen Monat lang begleitet und gefilmt wurde:<\/p>\n<p><a href=\"https:\/\/www.colluvio.com\/wp-content\/uploads\/2021\/02\/colluvio-Chamber-Music-Academy-TOURNEE_KONZERTE-2010.pdf\" target=\"_blank\" rel=\"noopener\">colluvio TOURNEE KONZERTE 2010<\/a><\/p>\n<p>Im November 2009 begaben sich Walter Wehmeyer und Meinhard Holler auf eine Recherchenreise ins Kosovo, um das Musikprojekt und das Filmprojekt vom Sommer 2010 vorzubereiten. Walter Wehmeyer sah sich nach geeigneten Orten zum Drehen um, und Meinhard Holler nahm die ganzen Probespiele im albanischen und serbischen Teil des Kosovo ab.<\/p>\n<p>So konnten die besten Studenten der Musikhochschulen Pri\u0161tina (albanischer Teil) und Kosovska Mitrovica (serbischer Teil) f\u00fcr das Projekt gewonnen werden. Die bekanntesten Konzerts\u00e4le des Landes wurden reserviert.<\/p>\n<p>Die Studenten mu\u00dften in vielen pers\u00f6nlichen Gespr\u00e4chen \u00fcberzeugt werden, an dem v\u00f6lkerverbindenden Projekt mitzuwirken. Viele hatten Angst vor Konsequenzen, wenn ihr Mitwirken bekannt w\u00fcrde, in den Medien dar\u00fcber berichtet oder \u00fcber private Verbindungen verbreitet werden w\u00fcrde.<\/p>\n<p>Es war die Angst vor der \u00d6ffentlichkeit der anderen, und noch mehr der eigenen Volksgruppe. So hat ein serbisches M\u00e4dchen aus Kosovska Mitrovica im letzten Moment ihre Mitwirkung aufgek\u00fcndigt, verursacht durch einen t\u00f6dlichen Anschlag auf der Br\u00fccke \u00fcber den Flu\u00df Ibar, der die Stadt in eine albanische und in eine serbische H\u00e4lft teilt. Eine Serbin, die nur in Kosovska Mitrovica studierte, ansonsten aber aus Serbien war, hat sie vertreten.<\/p>\n<div style=\"width: 1034px\" class=\"wp-caption alignnone\"><img loading=\"lazy\" decoding=\"async\" class=\"vc_single_image-img attachment-large\" src=\"https:\/\/www.colluvio.com\/wp-content\/uploads\/2021\/03\/colluvio_geschichte9_chamber_music-1024x683.jpg\" sizes=\"auto, (max-width: 1024px) 100vw, 1024px\" alt=\"\" width=\"1024\" height=\"683\" \/><p class=\"wp-caption-text\">Dokumentarfilmer Walter Wehmeyer und sein Team, 2010<\/p><\/div>\n<div style=\"width: 1030px\" class=\"wp-caption alignnone\"><img loading=\"lazy\" decoding=\"async\" class=\"vc_single_image-img attachment-large\" src=\"https:\/\/www.colluvio.com\/wp-content\/uploads\/2021\/05\/Hinterlassenschaft-des-Pogroms.jpg\" alt=\"\" width=\"1020\" height=\"577\" \/><p class=\"wp-caption-text\">Kosovo: Hinterlassenschaft des Pogroms von Prizren 2004<\/p><\/div>\n<h3><a href=\"https:\/\/www.youtube.com\/watch?v=0HHs5qMTLS8\" target=\"_blank\" rel=\"noopener\"><em>Musik nach dem Krieg \u2013 Kosovo zwischen Trauma und Neubeginn<\/em><\/a><\/h3>\n<p><strong>Ein ORF-Dokumentarfilm \u00fcber colluvio<\/strong><\/p>\n<p>Daraus entstand dann die ORF-Dokumentation <a href=\"https:\/\/www.youtube.com\/watch?v=0HHs5qMTLS8\" target=\"_blank\" rel=\"noopener\"><strong>\u201eMusik nach dem Krieg, Kosovo zwischen Trauma und Neubeginn\u201c<\/strong><\/a>, gleichzeitig ein \u00fcberaus kunstvoller Film, der von fast allen deutschsprachigen Sendern ausgestrahlt wurde, ORF, BR, ARD, WDR, NDR, SWF, 3 Sat, Arte, Deutsche Welle TV, Planet TV Germany\u2026.<\/p>\n<p><em>\u201eErstmalig ist es dem \u00f6sterreichischen Cellisten Meinhard Holler gelungen, Musikstudenten der seit Generationen in Konflikt stehenden V\u00f6lker (Serben und Albaner) zusammen zu bringen\u2026.\u201c<\/em>, so der Anfang der <a href=\"https:\/\/www.colluvio.com\/wp-content\/uploads\/2021\/11\/SYNOPSIS_deutsch_Shqip_-srpski_-English.pdf\" target=\"_blank\" rel=\"noopener\">Synopsis<\/a> zum Film.<\/p>\n<div style=\"width: 1034px\" class=\"wp-caption alignnone\"><img loading=\"lazy\" decoding=\"async\" class=\"vc_single_image-img attachment-large\" src=\"https:\/\/www.colluvio.com\/wp-content\/uploads\/2021\/05\/Krisensitzung-in-Pristina-1-1024x555.jpg\" alt=\"\" width=\"1024\" height=\"555\" \/><p class=\"wp-caption-text\">Tournee 2010, Krisensitzung in Pri\u0161tina: &#8222;Was, wenn wir nicht \u00fcber die Br\u00fccke in Kosovska Mitrovica kommen?&#8220;<\/p><\/div>\n<div style=\"width: 1034px\" class=\"wp-caption alignnone\"><img loading=\"lazy\" decoding=\"async\" class=\"vc_single_image-img attachment-large\" src=\"https:\/\/www.colluvio.com\/wp-content\/uploads\/2021\/05\/Vom-Pogrom-verschont.-Prizren-Kosovo.--1024x682.jpg\" alt=\"\" width=\"1024\" height=\"682\" \/><p class=\"wp-caption-text\">Kosovo: Hinterlassenschaft des Pogroms von Prizren 2004<\/p><\/div>\n<hr \/>\n<p><a href=\"https:\/\/www.youtube.com\/watch?v=3Te5iqDEc3A\" target=\"_blank\" rel=\"noopener\"><img loading=\"lazy\" decoding=\"async\" class=\"alignnone wp-image-3838 size-large\" src=\"https:\/\/www.colluvio.com\/wp-content\/uploads\/2023\/11\/Weinberg-III-1024x781.png\" alt=\"\" width=\"1024\" height=\"781\" srcset=\"https:\/\/www.colluvio.com\/wp-content\/uploads\/2023\/11\/Weinberg-III-1024x781.png 1024w, https:\/\/www.colluvio.com\/wp-content\/uploads\/2023\/11\/Weinberg-III-300x229.png 300w, https:\/\/www.colluvio.com\/wp-content\/uploads\/2023\/11\/Weinberg-III-768x586.png 768w, https:\/\/www.colluvio.com\/wp-content\/uploads\/2023\/11\/Weinberg-III-700x534.png 700w, https:\/\/www.colluvio.com\/wp-content\/uploads\/2023\/11\/Weinberg-III.png 1067w\" sizes=\"auto, (max-width: 1024px) 100vw, 1024px\" \/><\/a><\/p>\n<h6>Mieczys\u0142aw <strong>WEINBERG<\/strong><br \/>\nKlavierquintett op. 18, 3. Satz: Presto<br \/>\nAbschlu\u00dfkonzert der 2019 Tournee, Belgrad<br \/>\n<strong>Anastasiya Sharina<\/strong> (25, Ukraine, Klavier), <strong>Assia Weissmann<\/strong> (22, Ru\u00dfland, Violine), <strong>Sofia Kolupov<\/strong> (22, Ukraine, Violine), <strong>Kinga Wojdalska<\/strong> (21,Polen, Viola) und <strong>Lucija Mu\u0161ac<\/strong> (19, Kroatien, Cello)<br \/>\n<a href=\"https:\/\/www.colluvio.com\/de\/meisterkurse-tournee\/video-audio\/\">Hier<\/a> findet man das <a href=\"https:\/\/www.colluvio.com\/de\/meisterkurse-tournee\/video-audio\/\" rel=\"noopener\"><strong>GANZE VIDEO<\/strong><\/a> mit allen S\u00e4tzen.<\/h6>\n<h3>\u201ePlaying with the Enemy\u201c<\/h3>\n<p>Den <em>colluvio<\/em> Film sahen zwei Wissenschaftler von der Universit\u00e4t Leiden, Niederlande im Fernsehen, was in der Folge zum n\u00e4chsten Projekt f\u00fchrte:<\/p>\n<p><strong>Begegnung Ukraine &#8211; Ru\u00dfland<\/strong><\/p>\n<p><em>Colluvio<\/em> legte 2018 und 2019 den Schwerpunkt auf die Begegnung von Musikern aus den im Konflikt stehenden L\u00e4ndern Ukraine und Ru\u00dfland. Vorrang hatten Studenten aus diesen beiden L\u00e4ndern.<\/p>\n<p><em>Colluvio<\/em> 2019 wurde durch die zwei Wissenschaftler und Musiker, <strong><a href=\"https:\/\/www.giselahirschmann.com\" target=\"_blank\" rel=\"noopener\">Dr. Gisela Hirschmann<\/a> <\/strong>und Dr. Niels van Doesum, von der Universit\u00e4t Leiden, Niederlande, im Rahmen ihres Forschungsprojekts zu Musik und sozialer Interaktion begleitet.<\/p>\n<p>Ihre Studie <a href=\"https:\/\/www.giselahirschmann.com\/uploads\/1\/4\/4\/0\/144038563\/jpp_pre-print.pdf\" target=\"_blank\" rel=\"noopener\"><strong>\u201ePlaying with the Enemy\u201c <\/strong><\/a>besch\u00e4ftigt sich mit der <em><strong>colluvio Chamber Music Academy<\/strong><\/em> und mit Daniel Barenboims\u00a0<strong>West-Eastern Divan Orchestra<\/strong>. Beide Institutionen werden miteinander verglichen.\u00a0Die Intentionen und das Verhalten der Teilnehmer werden analysiert.<\/p>\n<p><a href=\"https:\/\/www.youtube.com\/watch?v=VhOPcUYF4-k\" target=\"_blank\" rel=\"noopener\"><img loading=\"lazy\" decoding=\"async\" class=\"alignnone wp-image-3836 size-large\" src=\"https:\/\/www.colluvio.com\/wp-content\/uploads\/2023\/11\/Sostakovic-kvintet-1024x785.png\" alt=\"\" width=\"1024\" height=\"785\" srcset=\"https:\/\/www.colluvio.com\/wp-content\/uploads\/2023\/11\/Sostakovic-kvintet-1024x785.png 1024w, https:\/\/www.colluvio.com\/wp-content\/uploads\/2023\/11\/Sostakovic-kvintet-300x230.png 300w, https:\/\/www.colluvio.com\/wp-content\/uploads\/2023\/11\/Sostakovic-kvintet-768x589.png 768w, https:\/\/www.colluvio.com\/wp-content\/uploads\/2023\/11\/Sostakovic-kvintet-700x537.png 700w, https:\/\/www.colluvio.com\/wp-content\/uploads\/2023\/11\/Sostakovic-kvintet.png 1067w\" sizes=\"auto, (max-width: 1024px) 100vw, 1024px\" \/><\/a><\/p>\n<h6><strong>Dmitrij \u0160ostakovi\u010d: Klavierquintett, op. 57 (1940)<br \/>\nElena Ovcharenko<\/strong>\u00a0(22, Ukraine, Klavier), <strong>Anita Azhashkouskaya<\/strong>, (26, Ru\u00dfland, Violine), <strong>Yuri Shundyak<\/strong> (20, Ukraine, Violine), <strong>Nadezhda Savina<\/strong> (25, Ru\u00dfland, Viola), <strong>Ilya Izmaylov<\/strong> (20, Ru\u00dfland, Cello)<br \/>\nAbschlu\u00dfkonzert der 2018 Tournee, Belgrad<\/h6>\n<h3><\/h3>\n<h3><em>colluvio<\/em>\u00a0Heute und Morgen<\/h3>\n<p>Heute begreift sich <em>colluvio<\/em> als gesamteurop\u00e4isches Friedensprojekt, zu dem die besten Nachwuchsmusiker aus ganz Europa zur Teilnahme eingeladen sind. Die Tournee f\u00fchrt in alter Tradition auch heute nach einem mitteleurop\u00e4ischen Auftakt in die L\u00e4nder Ost- und S\u00fcdosteuropas.<\/p>\n<p>Schwerpunkte auf von Konflikten gepr\u00e4gte Regionen sind weiterhin ein wichtiger Inhalt. In unsere Projektplanung wollen wir weiterhin L\u00e4nder miteinbeziehen, die noch nicht Mitglieder der Europ\u00e4ischen Union sind. Vor dem Hintergrund der Ost- und S\u00fcdosterweiterung der Europ\u00e4ischen Union ist <em>colluvio<\/em> ein kultureller Austausch mit den Nachfolgestaaten des ehemaligen Jugoslawien und der ehemaligen Sowjetunion ein besonderes Anliegen.<\/p>\n<p>Es ist unser Ziel, <em>colluvio<\/em> finanziell auf so stabile Beine zu stellen, da\u00df in naher Zukunft alternative Routen auf der Konzerttournee m\u00f6glich sind.<br \/>\nBeispielsweise<br \/>\n202<strong>7\u00a0Gut Hornegg \u2013 Ljubljana \u2013 Dubrovnik \u2013 Sarajevo \u2013 Belgrad \u2013 Skopje \u2013 Sofia \u2013 Istanbul<\/strong><br \/>\noder<strong><br \/>\n<\/strong>2028 <strong>Gut Hornegg \u2013 Wien \u2013 Prag \u2013 Warschau \u2013 Wilna \u2013 Riga \u2013 Tallin \u2013 St. Petersburg \u2013 Helsiniki.<br \/>\n<\/strong><\/p>\n<p><img loading=\"lazy\" decoding=\"async\" class=\"vc_single_image-img attachment-large\" src=\"https:\/\/www.colluvio.com\/wp-content\/uploads\/2021\/06\/Europa_20mio_politisch_Web_Hochformat-724x1024.jpg\" alt=\"\" width=\"724\" height=\"1024\" \/><\/p>\n<h3>R\u00fcckblick:<br \/>\nNovi Sad \u2013 Europ\u00e4ische Kulturhauptstadt 2022<\/h3>\n<p>2022 fand ein Tourneeverlauf in Zusammenhang mit der Stadt Novi Sad statt:<\/p>\n<p><strong>Novi Sad<\/strong> in Serbien war\u00a0<strong>Europ\u00e4ische Kulturhauptstadt 2022<\/strong>.<br \/>\nDie Stadt erstreckt sich beiderseits des Donaustroms, der dort an manchen Stellen schon kilometerbreit ist, so haben Br\u00fccken in der Region immer eine gro\u00dfe Rolle gespielt.<\/p>\n<p>Beim Bombardement Serbiens 1999 hat die Nato alle Br\u00fccken der Stadt zerst\u00f6rt. Es sind noch nicht alle aufgebaut und so hei\u00dfen in der Thematik von \u201eNovi Sad 2022\u201c, aber auch in Wirklichkeit die vier Br\u00fccken \u00fcber die Donau Liebe \u2013 Freiheit \u2013 Regenbogen \u2013 Hoffnung.<\/p>\n<p><strong>\u201eDas Meer Donau\u201c<\/strong>\u00a0war eines der Themen.<br \/>\n<em>Colluvio<\/em> hat diese Idee aufgegriffen und beschlossen, seine <strong>Tournee 2022<\/strong> durch die Anrainerstaaten des 2.840 Kilometer langen Flusses und die an seinen Ufern gelegenen St\u00e4dte zu f\u00fchren und dort Konzerte zu geben.<\/p>\n<p><img loading=\"lazy\" decoding=\"async\" class=\"vc_single_image-img attachment-large\" src=\"https:\/\/www.colluvio.com\/wp-content\/uploads\/2021\/11\/IMG_5406-1024x683.jpg\" alt=\"\" width=\"1024\" height=\"683\" \/><\/p>\n<p>F\u00fcr die <strong>Zukunft <em>colluvios<\/em><\/strong> ist also eine breit angelegte Finanzierung n\u00f6tig. Nur so k\u00f6nnen unsere neuen Projekte realisiert werden.<\/p>\n<div style=\"width: 1034px\" class=\"wp-caption alignnone\"><img loading=\"lazy\" decoding=\"async\" class=\"vc_single_image-img attachment-large\" src=\"https:\/\/www.colluvio.com\/wp-content\/uploads\/2021\/05\/Premiere2017-e1624032461916-1024x547.jpeg\" alt=\"\" width=\"1024\" height=\"547\" \/><p class=\"wp-caption-text\">Vor der Hornegg Premiere auf Gut Hornegg: Sofia Kolupov, Kinga Wojdalska, David Horvat, Victor Dai, Anastasiya Sharina, Pavle Popovi\u0107, Samuel Ng, Coco Inman, Andr\u00e1s Moldov\u00e1nyi<\/p><\/div>\n","protected":false},"excerpt":{"rendered":"<p>colluvio Geschichte, Mission und Perspektive Parallel zu seinem hohen musikalischen Anspruch und im Einklang mit diesem, ist colluvio ein Projekt f\u00fcr V\u00f6lkerverst\u00e4ndigung, das zum Miteinander in Europa einl\u00e4dt. Das \u00f6sterreichische Projekt colluvio versteht sich als musikalischer Botschafter, der die gemeinsamen Werte Europas lebt. Es zeigt&#8230;<\/p>\n","protected":false},"author":1,"featured_media":0,"parent":0,"menu_order":3,"comment_status":"closed","ping_status":"closed","template":"","meta":{"footnotes":""},"class_list":["post-32","page","type-page","status-publish","hentry"],"acf":[],"_links":{"self":[{"href":"https:\/\/www.colluvio.com\/de\/wp-json\/wp\/v2\/pages\/32","targetHints":{"allow":["GET"]}}],"collection":[{"href":"https:\/\/www.colluvio.com\/de\/wp-json\/wp\/v2\/pages"}],"about":[{"href":"https:\/\/www.colluvio.com\/de\/wp-json\/wp\/v2\/types\/page"}],"author":[{"embeddable":true,"href":"https:\/\/www.colluvio.com\/de\/wp-json\/wp\/v2\/users\/1"}],"replies":[{"embeddable":true,"href":"https:\/\/www.colluvio.com\/de\/wp-json\/wp\/v2\/comments?post=32"}],"version-history":[{"count":190,"href":"https:\/\/www.colluvio.com\/de\/wp-json\/wp\/v2\/pages\/32\/revisions"}],"predecessor-version":[{"id":4749,"href":"https:\/\/www.colluvio.com\/de\/wp-json\/wp\/v2\/pages\/32\/revisions\/4749"}],"wp:attachment":[{"href":"https:\/\/www.colluvio.com\/de\/wp-json\/wp\/v2\/media?parent=32"}],"curies":[{"name":"wp","href":"https:\/\/api.w.org\/{rel}","templated":true}]}}